{"id":515,"date":"2019-03-17T20:33:19","date_gmt":"2019-03-17T20:33:19","guid":{"rendered":"http:\/\/aureumsaxophonquartett.com\/?page_id=515"},"modified":"2025-02-02T18:01:16","modified_gmt":"2025-02-02T18:01:16","slug":"impressum","status":"publish","type":"page","link":"https:\/\/www.aureumsaxophonquartett.com\/en\/home\/impressum\/","title":{"rendered":"Impressum &#038; Datenschutzerkl\u00e4rung"},"content":{"rendered":"<div data-elementor-type=\"wp-page\" data-elementor-id=\"515\" class=\"elementor elementor-515\">\n\t\t\t\t\t\t<section class=\"elementor-section elementor-top-section elementor-element elementor-element-44872bc7 elementor-section-boxed elementor-section-height-default elementor-section-height-default\" data-id=\"44872bc7\" data-element_type=\"section\" data-e-type=\"section\">\n\t\t\t\t\t\t<div class=\"elementor-container elementor-column-gap-default\">\n\t\t\t\t\t<div class=\"elementor-column elementor-col-100 elementor-top-column elementor-element elementor-element-27d343f5\" data-id=\"27d343f5\" data-element_type=\"column\" data-e-type=\"column\">\n\t\t\t<div class=\"elementor-widget-wrap elementor-element-populated\">\n\t\t\t\t\t\t<div class=\"elementor-element elementor-element-36105b5b elementor-widget elementor-widget-text-editor\" data-id=\"36105b5b\" data-element_type=\"widget\" data-e-type=\"widget\" data-widget_type=\"text-editor.default\">\n\t\t\t\t<div class=\"elementor-widget-container\">\n\t\t\t\t\t\t\t\t\t<p><span style=\"font-size: 12pt;\"><strong>AUREUM Saxophon Quartett<\/strong><\/span><br \/><span style=\"font-size: 10pt;\">Martina St\u00fcckler, Ferenc Tak\u00e1cs, Viola Jank, Lukas Seifried<\/span><br \/><span style=\"font-size: 10pt;\">Freischaffende K\u00fcnstler:innen<\/span><br \/><span style=\"font-size: 10pt;\">Wien<\/span><\/p><p><span style=\"font-size: 10pt;\"><strong>Unterst\u00fctzungs-Verein AUREUM Saxophon Quartett<\/strong><\/span><br \/><span style=\"font-size: 10pt;\">Josef-Fritsch-Weg 1\/153, 1020 Wien <\/span><br \/><span style=\"font-size: 10pt;\">ZVR-Zahl: <span class=\"fontstyle0\">1439734788<\/span>\u00a0<\/span><br \/><span style=\"font-size: 10pt;\">Obfrau: Martina St\u00fcckler<br \/>Obfrau-Stellvertreter: Lukas Seifried<\/span><br \/><span style=\"font-size: 10pt;\">Kassierin: Viola Jank<\/span><br \/><span style=\"font-size: 10pt;\">Schriftf\u00fchrer: Ferenc Tak\u00e1cs<\/span><\/p><p><span style=\"font-size: 10pt;\"><a href=\"https:\/\/www.aureumsaxophonquartett.com\/wp-content\/uploads\/2022\/07\/Vereinsstatuten-AUREUM-Stand-Jan-2022.pdf\">Statuten des Unterst\u00fctzungs-Verein AUREUM Saxophon Quartett<\/a><\/span><\/p><p><span style=\"font-size: 10pt;\"><strong>Contact<br \/><\/strong>Lukas Seifried<\/span><br \/><span style=\"font-size: 10pt;\">Telefon: +43 664 88417038<\/span><br \/><span style=\"font-size: 10pt;\">contact@aureumsaxophonquartett.com<\/span><br \/><span style=\"font-size: 13.3333px;\">aureumsaxophonquartett@gmail.com<\/span><\/p><p><span style=\"font-size: 12pt;\"><strong>Haftungsauschluss<\/strong><\/span><br \/><span style=\"font-size: 10pt;\">Trotz sorgf\u00e4ltiger Kontrolle \u00fcbernehmen wir keine Haftung f\u00fcr die Inhalte externer Links. F\u00fcr den Inhalt der verlinkten Seiten sind ausschlie\u00dflich deren Betreiber verantwortlich. Wir sind nicht verpflichtet, an Streitbeilegungsverfahren vor einer Verbraucherschlichtungsstelle teilzunehmen.<\/span><\/p><p><span style=\"font-size: 10pt;\"><strong>Haftung f\u00fcr Inhalte<\/strong><\/span><br \/><span style=\"font-size: 10pt;\">Als Diensteanbieter sind wir gem\u00e4\u00df \u00a724 Mediengesetz f\u00fcr eigene Inhalte auf diesen Seiten nach den allgemeinen Gesetzen verantwortlich. Wir sind als Diensteanbieter jedoch nicht verpflichtet, \u00fcbermittelte oder gespeicherte fremde Informationen zu \u00fcberwachen oder nach Umst\u00e4nden zu forschen, die auf eine rechtswidrige T\u00e4tigkeit hinweisen. Verpflichtungen zur Entfernung oder Sperrung der Nutzung von Informationen nach den allgemeinen Gesetzen bleiben hiervon unber\u00fchrt. Eine diesbez\u00fcgliche Haftung ist jedoch erst ab dem Zeitpunkt der Kenntnis einer konkreten Rechtsverletzung m\u00f6glich. Bei Bekanntwerden von entsprechenden<\/span><br \/><span style=\"font-size: 10pt;\">Rechtsverletzungen werden wir diese Inhalte umgehend entfernen.<\/span><\/p><p><span style=\"font-size: 10pt;\"><strong>Haftung f\u00fcr Links<br \/><\/strong>Unser Angebot enth\u00e4lt Links zu externen Websites Dritter, auf deren Inhalte wir keinen Einfluss haben. Deshalb k\u00f6nnen wir f\u00fcr diese fremden Inhalte auch keine Gew\u00e4hr \u00fcbernehmen. F\u00fcr die Inhalte der verlinkten Seiten ist stets der jeweilige Anbieter oder Betreiber der Seiten verantwortlich. Die verlinkten Seiten wurden zum Zeitpunkt der Verlinkung auf m\u00f6gliche Rechtsverst\u00f6\u00dfe \u00fcberpr\u00fcft. Rechtswidrige Inhalte<\/span><br \/><span style=\"font-size: 10pt;\">waren zum Zeitpunkt der Verlinkung nicht erkennbar. Eine permanente inhaltliche Kontrolle der verlinkten Seiten ist jedoch ohne konkrete Anhaltspunkte einer Rechtsverletzung nicht zumutbar. Bei Bekanntwerden von Rechtsverletzungen werden wir derartige Links umgehend entfernen.<\/span><\/p><p><span style=\"font-size: 10pt;\"><strong>Urheberrecht<\/strong><b><br \/><\/b><span style=\"font-weight: 400;\">Die durch die Seitenbetreiber erstellten Inhalte und Werke auf diesen Seiten unterliegen dem \u00f6sterreichischen Urheberrecht. Die Vervielf\u00e4ltigung, Bearbeitung, Verbreitung und jede Art der Verwertung au\u00dferhalb der Grenzen des Urheberrechtes bed\u00fcrfen der schriftlichen Zustimmung des jeweiligen Autors bzw. Erstellers. Downloads und Kopien dieser Seite sind nur f\u00fcr den privaten, nicht kommerziellen Gebrauch gestattet.<br \/><\/span><span style=\"font-weight: 400;\">Soweit die Inhalte auf dieser Seite nicht vom Betreiber erstellt wurden, werden die Urheberrechte Dritter beachtet. Insbesondere werden Inhalte Dritter als solche gekennzeichnet. Sollten Sie trotzdem auf eine Urheberrechtsverletzung aufmerksam werden, bitten wir um einen entsprechenden Hinweis. Bei Bekanntwerden von Rechtsverletzungen werden wir derartige Inhalte umgehend entfernen.<\/span><\/span><\/p><p><span style=\"font-size: 12pt;\"><strong>Datenschutzerkl\u00e4rung<\/strong><\/span><br \/><span style=\"font-size: 10pt;\"><strong>1. Datenschutz auf einen Blick<\/strong><\/span><br \/><span style=\"font-size: 10pt;\"><strong>Allgemeine Hinweise<\/strong><strong><br \/><\/strong>Die folgenden Hinweise geben einen einfachen \u00dcberblick dar\u00fcber, was mit Ihren personenbezogenen Daten passiert, wenn Sie unsere Website besuchen. Personenbezogene Daten sind alle Daten, mit denen Sie pers\u00f6nlich identifiziert werden k\u00f6nnen. Ausf\u00fchrliche Informationen zum Thema Datenschutz entnehmen Sie unserer unter diesem Text aufgef\u00fchrten Datenschutzerkl\u00e4rung.<\/span><\/p><p><span style=\"font-size: 10pt;\">In der Datenschutzerkl\u00e4rung informieren wir Sie \u00fcber die wichtigsten Aspekte der Datenverarbeitung im Rahmen unserer Webseite. Wir erheben und verarbeiten personenbezogene Daten nur auf Grundlage der gesetzlichen Bestimmungen EU-Datenschutz-Grundverordnung (DSGVO).<\/span><\/p><p><span style=\"font-size: 10pt;\"><strong>Datenerfassung auf dieser Website<\/strong><\/span><br \/><span style=\"font-size: 10pt;\"><strong>Wer ist verantwortlich f\u00fcr die Datenerfassung auf dieser Website?<\/strong><strong><br \/><\/strong>Die Datenverarbeitung auf dieser Website erfolgt durch den Websitebetreiber. Dessen Kontaktdaten k\u00f6nnen Sie dem Abschnitt \u201eHinweis zur Verantwortlichen Stelle\u201c in dieser Datenschutzerkl\u00e4rung entnehmen.<\/span><\/p><p><span style=\"font-size: 10pt;\"><strong>Wie erfassen wir Ihre Daten?<\/strong><strong><br \/><\/strong>Ihre Daten werden zum einen dadurch erhoben, dass Sie uns diese mitteilen. Hierbei kann es sich z. B. um<\/span><br \/><span style=\"font-size: 10pt;\">Daten handeln, die Sie in ein Kontaktformular eingeben.<\/span><br \/><span style=\"font-size: 10pt;\">Andere Daten werden automatisch oder nach Ihrer Einwilligung beim Besuch der Website durch unsere IT- Systeme erfasst. Das sind vor allem technische Daten (z. B. Internetbrowser, Betriebssystem oder Uhrzeit des Seitenaufrufs). Die Erfassung dieser Daten erfolgt automatisch, sobald Sie diese Website betreten.<\/span><\/p><p><span style=\"font-size: 10pt;\"><strong>Wof\u00fcr nutzen wir Ihre Daten?<\/strong><strong><br \/><\/strong>Ein Teil der Daten wird erhoben, um eine fehlerfreie Bereitstellung der Website zu gew\u00e4hrleisten. Andere Daten k\u00f6nnen zur Analyse Ihres Nutzerverhaltens verwendet werden.<\/span><\/p><p><span style=\"font-size: 10pt;\"><strong>Welche Rechte haben Sie bez\u00fcglich Ihrer Daten?<\/strong><strong><br \/><\/strong>Sie haben jederzeit das Recht, unentgeltlich Auskunft \u00fcber Herkunft, Empf\u00e4nger und Zweck Ihrer gespeicherten personenbezogenen Daten zu erhalten. Sie haben au\u00dferdem ein Recht, die Berichtigung oder L\u00f6schung dieser Daten zu verlangen. Wenn Sie eine Einwilligung zur Datenverarbeitung erteilt haben, k\u00f6nnen Sie diese Einwilligung jederzeit f\u00fcr die Zukunft widerrufen. Au\u00dferdem haben Sie das Recht, unter bestimmten Umst\u00e4nden die Einschr\u00e4nkung der Verarbeitung Ihrer personenbezogenen Daten zu verlangen. Des Weiteren steht Ihnen ein Beschwerderecht bei der zust\u00e4ndigen Aufsichtsbeh\u00f6rde zu.<\/span><\/p><p><span style=\"font-size: 10pt;\">Hierzu sowie zu weiteren Fragen zum Thema Datenschutz k\u00f6nnen Sie sich jederzeit an uns wenden.<\/span><\/p><p><span style=\"font-size: 10pt;\"><strong>Analyse-Tools und Tools von Drittanbietern<\/strong><strong><br \/><\/strong>Beim Besuch dieser Website kann Ihr Surf-Verhalten statistisch ausgewertet werden. Das geschieht vor allem mit sogenannten Analyseprogrammen.<\/span><br \/><span style=\"font-size: 10pt;\">Detaillierte Informationen zu diesen Analyseprogrammen finden Sie in der folgenden Datenschutzerkl\u00e4rung.<\/span><\/p><p><strong style=\"font-size: 10pt;\">2. Allgemeine Hinweise und Pflichtinformationen<br \/><\/strong><span style=\"font-size: 10pt;\"><strong>Datenschutz<\/strong><strong><br \/><\/strong>Die Betreiber dieser Seiten nehmen den Schutz Ihrer pers\u00f6nlichen Daten sehr ernst. Wir behandeln Ihre personenbezogenen Daten vertraulich und entsprechend den gesetzlichen Datenschutzvorschriften sowie dieser Datenschutzerkl\u00e4rung.<\/span><br \/><span style=\"font-size: 10pt;\">Wenn Sie diese Website benutzen, werden verschiedene personenbezogene Daten erhoben. Personenbezogene Daten sind Daten, mit denen Sie pers\u00f6nlich identifiziert werden k\u00f6nnen. Die vorliegende Datenschutzerkl\u00e4rung erl\u00e4utert, welche Daten wir erheben und wof\u00fcr wir sie nutzen. Sie erl\u00e4utert auch, wie und zu welchem Zweck das geschieht.<\/span><\/p><p><span style=\"font-size: 10pt;\">Wir weisen darauf hin, dass die Daten\u00fcbertragung im Internet (z. B. bei der Kommunikation per E-Mail) Sicherheitsl\u00fccken aufweisen kann. Ein l\u00fcckenloser Schutz der Daten vor dem Zugriff durch Dritte ist nicht m\u00f6glich.<\/span><\/p><p><span style=\"font-size: 10pt;\">Die verantwortliche Stelle f\u00fcr die Datenverarbeitung auf dieser Website ist<\/span><br \/><strong><span style=\"font-size: 10pt;\">Unterst\u00fctzungs-Verein AUREUM Saxophon Quartett<\/span><\/strong><br \/><span style=\"font-size: 10pt;\">Josef-Fritsch-Weg 1\/153, 1020 Wien<\/span><br \/><span style=\"font-size: 10pt;\">Telefon: +43 664 88417038<\/span><br \/><span style=\"font-size: 10pt;\">E-Mail: contact@aureumsaxophonquartett.com<\/span><\/p><p><span style=\"font-size: 10pt;\">Verantwortliche Stelle ist die nat\u00fcrliche oder juristische Person, die allein oder gemeinsam mit anderen \u00fcber die Zwecke und Mittel der Verarbeitung von personenbezogenen Daten (z. B. Namen, E-Mail-Adressen o. \u00c4.) entscheidet.<\/span><\/p><p><span style=\"font-size: 10pt;\"><strong>Speicherdauer<\/strong><strong><br \/><\/strong>Soweit innerhalb dieser Datenschutzerkl\u00e4rung keine speziellere Speicherdauer genannt wurde, verbleiben Ihre personenbezogenen Daten bei uns, bis der Zweck f\u00fcr die Datenverarbeitung entf\u00e4llt. Wenn Sie ein berechtigtes L\u00f6schersuchen geltend machen oder eine Einwilligung zur Datenverarbeitung widerrufen, werden Ihre Daten gel\u00f6scht, sofern wir keine anderen rechtlich zul\u00e4ssigen Gr\u00fcnde f\u00fcr die Speicherung Ihrer personenbezogenen Daten haben (z. B. steuer- oder handelsrechtliche Aufbewahrungsfristen); im letztgenannten Fall erfolgt die L\u00f6schung nach Fortfall dieser Gr\u00fcnde.<\/span><\/p><p><span style=\"font-size: 10pt;\"><strong>Allgemeine Hinweise zu den Rechtsgrundlagen der Datenverarbeitung auf dieser Website<\/strong><\/span><br \/><span style=\"font-size: 10pt;\">Sofern Sie in die Datenverarbeitung eingewilligt haben, verarbeiten wir Ihre personenbezogenen Daten auf Grundlage von Art. 6 Abs. 1 lit. a DSGVO bzw. Art. 9 Abs. 2 lit. a DSGVO, sofern besondere Datenkategorien nach Art. 9 Abs. 1 DSGVO verarbeitet werden. Im Falle einer ausdr\u00fccklichen Einwilligung in die \u00dcbertragung personenbezogener Daten in Drittstaaten erfolgt die Datenverarbeitung au\u00dferdem auf Grundlage von Art. 49 Abs. 1 lit. a DSGVO. Sofern Sie in die Speicherung von Cookies oder in den Zugriff auf Informationen in Ihr Endger\u00e4t (z. B. via Device-Fingerprinting) eingewilligt haben, erfolgt die Datenverarbeitung zus\u00e4tzlich auf Grundlage von \u00a7 25 Abs. 1 TTDSG. Die Einwilligung ist jederzeit widerrufbar. Sind Ihre Daten zur Vertragserf\u00fcllung oder zur Durchf\u00fchrung vorvertraglicher Ma\u00dfnahmen erforderlich, verarbeiten wir Ihre Daten auf Grundlage des Art. 6 Abs. 1 lit. b DSGVO. Des Weiteren verarbeiten wir Ihre Daten, sofern diese zur Erf\u00fcllung einer rechtlichen Verpflichtung erforderlich sind auf Grundlage von Art. 6 Abs. 1 lit. c DSGVO. Die Datenverarbeitung kann ferner auf Grundlage unseres berechtigten Interesses nach Art. 6 Abs. 1 lit. f DSGVO erfolgen. \u00dcber die jeweils im Einzelfall einschl\u00e4gigen Rechtsgrundlagen wird in den folgenden Abs\u00e4tzen dieser Datenschutzerkl\u00e4rung informiert.<\/span><\/p><p><span style=\"font-size: 10pt;\"><strong>Hinweis zur Datenweitergabe in die USA und sonstige Drittstaaten<\/strong><strong><br \/><\/strong>Wir verwenden unter anderem Tools von Unternehmen mit Sitz in den USA oder sonstigen datenschutzrechtlich nicht sicheren Drittstaaten. Wenn diese Tools aktiv sind, k\u00f6nnen Ihre personenbezogene Daten in diese Drittstaaten \u00fcbertragen und dort verarbeitet werden. Wir weisen darauf hin, dass in diesen L\u00e4ndern kein mit der EU vergleichbares Datenschutzniveau garantiert werden kann.<\/span><br \/><span style=\"font-size: 10pt;\">Beispielsweise sind US-Unternehmen dazu verpflichtet, personenbezogene Daten an Sicherheitsbeh\u00f6rden herauszugeben, ohne dass Sie als Betroffener hiergegen gerichtlich vorgehen k\u00f6nnten. Es kann daher nicht ausgeschlossen werden, dass US-Beh\u00f6rden (z. B. Geheimdienste) Ihre auf US-Servern befindlichen Daten zu \u00dcberwachungszwecken verarbeiten, auswerten und dauerhaft speichern. Wir haben auf diese Verarbeitungst\u00e4tigkeiten keinen Einfluss.<\/span><\/p><p><span style=\"font-size: 10pt;\"><strong>Widerruf Ihrer Einwilligung zur Datenverarbeitung<\/strong><strong><br \/><\/strong>Viele Datenverarbeitungsvorg\u00e4nge sind nur mit Ihrer ausdr\u00fccklichen Einwilligung m\u00f6glich. Sie k\u00f6nnen eine bereits erteilte Einwilligung jederzeit widerrufen. Die Rechtm\u00e4\u00dfigkeit der bis zum Widerruf erfolgten Datenverarbeitung bleibt vom Widerruf unber\u00fchrt.<\/span><\/p><p><span style=\"font-size: 10pt;\"><strong>Widerspruchsrecht gegen die Datenerhebung in besonderen F\u00e4llen sowie gegen Direktwerbung (Art. 21 DSGVO<\/strong>)<\/span><br \/><span style=\"font-size: 10pt;\">WENN DIE DATENVERARBEITUNG AUF GRUNDLAGE VON ART. 6 ABS. 1 LIT. E ODER F DSGVO ERFOLGT, HABEN SIE JEDERZEIT DAS RECHT, AUS GR\u00dcNDEN, DIE SICH AUS IHRER BESONDEREN SITUATION ERGEBEN, GEGEN DIE VERARBEITUNG IHRER PERSONENBEZOGENEN DATEN WIDERSPRUCH EINZULEGEN; DIES GILT AUCH F\u00dcR EIN AUF DIESE BESTIMMUNGEN GEST\u00dcTZTES PROFILING. DIE JEWEILIGE RECHTSGRUNDLAGE, AUF DENEN EINE VERARBEITUNG BERUHT, ENTNEHMEN SIE DIESER DATENSCHUTZERKL\u00c4RUNG. WENN SIE WIDERSPRUCH EINLEGEN, WERDEN WIR IHRE BETROFFENEN PERSONENBEZOGENEN DATEN NICHT MEHR VERARBEITEN, ES SEI DENN, WIR K\u00d6NNEN ZWINGENDE SCHUTZW\u00dcRDIGE GR\u00dcNDE F\u00dcR DIE VERARBEITUNG NACHWEISEN, DIE IHRE INTERESSEN, RECHTE UND FREIHEITEN \u00dcBERWIEGEN ODER DIE VERARBEITUNG DIENT DER GELTENDMACHUNG, AUS\u00dcBUNG ODER VERTEIDIGUNG VON RECHTSANSPR\u00dcCHEN (WIDERSPRUCH NACH ART. 21 ABS. 1 DSGVO). WERDEN IHRE PERSONENBEZOGENEN DATEN VERARBEITET, UM DIREKTWERBUNG ZU BETREIBEN, SO HABEN SIE DAS RECHT, JEDERZEIT WIDERSPRUCH GEGEN DIE VERARBEITUNG SIE BETREFFENDER PERSONENBEZOGENER DATEN ZUM ZWECKE DERARTIGER WERBUNG EINZULEGEN; DIES GILT AUCH F\u00dcR DAS PROFILING, SOWEIT ES MIT SOLCHER DIREKTWERBUNG IN VERBINDUNG STEHT. WENN SIE WIDERSPRECHEN, WERDEN IHRE PERSONENBEZOGENEN DATEN ANSCHLIESSEND NICHT MEHR ZUM ZWECKE DER DIREKTWERBUNG VERWENDET (WIDERSPRUCH NACH ART. 21 ABS. 2 DSGVO).<\/span><\/p><p><span style=\"font-size: 10pt;\"><strong>Beschwerderecht bei der zust\u00e4ndigen Aufsichtsbeh\u00f6rde<\/strong><strong><br \/><\/strong>Im Falle von Verst\u00f6\u00dfen gegen die DSGVO steht den Betroffenen ein Beschwerderecht bei einer Aufsichtsbeh\u00f6rde, insbesondere in dem Mitgliedstaat ihres gew\u00f6hnlichen Aufenthalts, ihres Arbeitsplatzes oder des Orts des mutma\u00dflichen Versto\u00dfes zu. Das Beschwerderecht besteht unbeschadet anderweitiger verwaltungsrechtlicher oder gerichtlicher Rechtsbehelfe.<\/span><\/p><p><span style=\"font-size: 10pt;\"><strong>Recht auf Daten\u00fcbertragbarkeit<\/strong><\/span><br \/><span style=\"font-size: 10pt;\">Sie haben das Recht, Daten, die wir auf Grundlage Ihrer Einwilligung oder in Erf\u00fcllung eines Vertrags automatisiert verarbeiten, an sich oder an einen Dritten in einem g\u00e4ngigen, maschinenlesbaren Format aush\u00e4ndigen zu lassen. Sofern Sie die direkte \u00dcbertragung der Daten an einen anderen Verantwortlichen verlangen, erfolgt dies nur, soweit es technisch machbar ist.<\/span><\/p><p><span style=\"font-size: 10pt;\"><strong>Auskunft, L\u00f6schung und Berichtigung<\/strong><\/span><br \/><span style=\"font-size: 10pt;\">Sie haben im Rahmen der geltenden gesetzlichen Bestimmungen jederzeit das Recht auf unentgeltliche Auskunft \u00fcber Ihre gespeicherten personenbezogenen Daten, deren Herkunft und Empf\u00e4nger und den Zweck der Datenverarbeitung und ggf. ein Recht auf Berichtigung oder L\u00f6schung dieser Daten. Hierzu sowie zu weiteren Fragen zum Thema personenbezogene Daten k\u00f6nnen Sie sich jederzeit an uns wenden.<\/span><\/p><p><span style=\"font-size: 10pt;\"><strong>Recht auf Einschr\u00e4nkung der Verarbeitung<\/strong><strong><br \/><\/strong>Sie haben das Recht, die Einschr\u00e4nkung der Verarbeitung Ihrer personenbezogenen Daten zu verlangen. Hierzu k\u00f6nnen Sie sich jederzeit an uns wenden. Das Recht auf Einschr\u00e4nkung der Verarbeitung besteht in folgenden F\u00e4llen:<\/span><\/p><p><span style=\"font-size: 10pt;\">Wenn Sie die Richtigkeit Ihrer bei uns gespeicherten personenbezogenen Daten bestreiten, ben\u00f6tigen wir in der Regel Zeit, um dies zu \u00fcberpr\u00fcfen. F\u00fcr die Dauer der Pr\u00fcfung haben Sie das Recht, die Einschr\u00e4nkung der Verarbeitung Ihrer personenbezogenen Daten zu verlangen.<\/span><br \/><span style=\"font-size: 10pt;\">Wenn die Verarbeitung Ihrer personenbezogenen Daten unrechtm\u00e4\u00dfig geschah\/geschieht, k\u00f6nnen Sie statt der L\u00f6schung die Einschr\u00e4nkung der Datenverarbeitung verlangen.<\/span><br \/><span style=\"font-size: 10pt;\">Wenn wir Ihre personenbezogenen Daten nicht mehr ben\u00f6tigen, Sie sie jedoch zur Aus\u00fcbung, Verteidigung oder Geltendmachung von Rechtsanspr\u00fcchen ben\u00f6tigen, haben Sie das Recht, statt der L\u00f6schung die Einschr\u00e4nkung der Verarbeitung Ihrer personenbezogenen Daten zu verlangen.<\/span><br \/><span style=\"font-size: 10pt;\">Wenn Sie einen Widerspruch nach Art. 21 Abs. 1 DSGVO eingelegt haben, muss eine Abw\u00e4gung zwischen Ihren und unseren Interessen vorgenommen werden. Solange noch nicht feststeht, wessen Interessen \u00fcberwiegen, haben Sie das Recht, die Einschr\u00e4nkung der Verarbeitung Ihrer personenbezogenen Daten zu verlangen.<\/span><br \/><span style=\"font-size: 10pt;\">Wenn Sie die Verarbeitung Ihrer personenbezogenen Daten eingeschr\u00e4nkt haben, d\u00fcrfen diese Daten \u2013 von ihrer Speicherung abgesehen \u2013 nur mit Ihrer Einwilligung oder zur Geltendmachung, Aus\u00fcbung oder Verteidigung von Rechtsanspr\u00fcchen oder zum Schutz der Rechte einer anderen nat\u00fcrlichen oder juristischen Person oder aus Gr\u00fcnden eines wichtigen \u00f6ffentlichen Interesses der Europ\u00e4ischen Union oder eines Mitgliedstaats verarbeitet werden.<\/span><\/p><p><strong style=\"font-size: 10pt;\">3. Datenerfassung auf dieser Website<br \/><\/strong><span style=\"font-size: 10pt;\"><strong>Cookies<\/strong><strong><br \/><\/strong>Unsere Website verwendet so genannte \u201eCookies\u201c. Cookies sind kleine Textdateien und richten auf Ihrem Endger\u00e4t keinen Schaden an. Sie werden entweder vor\u00fcbergehend f\u00fcr die Dauer einer Sitzung (Session-Cookies) oder dauerhaft (permanente Cookies) auf Ihrem Endger\u00e4t gespeichert. Session-Cookies werden nach Ende Ihres Besuchs automatisch gel\u00f6scht. Permanente Cookies bleiben auf Ihrem Endger\u00e4t gespeichert, bis Sie diese selbst l\u00f6schen oder eine automatische L\u00f6schung durch Ihren Webbrowser erfolgt. Teilweise k\u00f6nnen auch Cookies von Drittunternehmen auf Ihrem Endger\u00e4t gespeichert werden, wenn Sie unsere Seite betreten (Third-Party-Cookies). Diese erm\u00f6glichen uns oder Ihnen die Nutzung bestimmter Dienstleistungen des Drittunternehmens (z. B. Cookies zur Abwicklung von Zahlungsdienstleistungen). Soweit Cookies von Drittunternehmen oder zu Analysezwecken eingesetzt werden, werden wir Sie hier\u00fcber im Rahmen dieser Datenschutzerkl\u00e4rung gesondert informieren und ggf. eine Einwilligung abfragen.<\/span><\/p><p><span style=\"font-size: 10pt;\">Cookies haben verschiedene Funktionen. Zahlreiche Cookies sind technisch notwendig, da bestimmte Websitefunktionen ohne diese nicht funktionieren w\u00fcrden (z. B. die Warenkorbfunktion oder die Anzeige von Videos). Andere Cookies dienen dazu, das Nutzerverhalten auszuwerten oder Werbung anzuzeigen.<\/span><\/p><p><span style=\"font-size: 10pt;\">Cookies, die zur Durchf\u00fchrung des elektronischen Kommunikationsvorgangs, zur Bereitstellung bestimmter, von Ihnen erw\u00fcnschter Funktionen (z. B. f\u00fcr die Warenkorbfunktion) oder zur Optimierung der Website (z. B. Cookies zur Messung des Webpublikums) erforderlich sind (notwendige Cookies), werden auf Grundlage von Art. 6 Abs. 1 lit. f DSGVO gespeichert, sofern keine andere Rechtsgrundlage angegeben wird. Der Websitebetreiber hat ein berechtigtes Interesse an der Speicherung von notwendigen Cookies zur technisch fehlerfreien und optimierten Bereitstellung seiner Dienste. Sofern eine Einwilligung zur Speicherung von Cookies und vergleichbaren Wiedererkennungstechnologien abgefragt wurde, erfolgt die Verarbeitung ausschlie\u00dflich auf Grundlage dieser Einwilligung (Art. 6 Abs. 1 lit. a DSGVO und \u00a7 25 Abs. 1 TTDSG); die Einwilligung ist jederzeit widerrufbar.<\/span><\/p><p><span style=\"font-size: 10pt;\">Sie k\u00f6nnen Ihren Browser so einstellen, dass Sie \u00fcber das Setzen von Cookies informiert werden und Cookies nur im Einzelfall erlauben, die Annahme von Cookies f\u00fcr bestimmte F\u00e4lle oder generell ausschlie\u00dfen sowie das automatische L\u00f6schen der Cookies beim Schlie\u00dfen des Browsers aktivieren. Bei der Deaktivierung von Cookies kann die Funktionalit\u00e4t dieser Website eingeschr\u00e4nkt sein. Nat\u00fcrlich k\u00f6nnen Sie unsere Website grunds\u00e4tzlich auch ohne Cookies betrachten. Internet-Browser sind regelm\u00e4\u00dfig so eingestellt, dass sie Cookies akzeptieren. Im Allgemeinen k\u00f6nnen Sie die Verwendung von Cookies jederzeit \u00fcber die Einstellungen Ihres Browsers deaktivieren. Bitte verwenden Sie die Hilfefunktionen Ihres Internetbrowsers, um zu erfahren, wie Sie diese Einstellungen \u00e4ndern k\u00f6nnen. Bitte beachten Sie, dass einzelne Funktionen unserer Website m\u00f6glicherweise nicht funktionieren, wenn Sie die Verwendung von Cookies deaktiviert haben.<\/span><\/p><p><span style=\"font-size: 10pt;\">In keinem Fall werden die von uns erfassten Daten an Dritte weitergegeben oder ohne Ihre Einwilligung eine Verkn\u00fcpfung mit personenbezogenen Daten hergestellt.<\/span><\/p><p><span style=\"font-size: 10pt;\"><strong>Kontaktformular<\/strong><strong><br \/><\/strong>Wenn Sie uns, entweder \u00fcber unser Kontaktformular auf unserer Website, oder per Email, kontaktieren, werden Ihre Angaben aus dem Anfrageformular inklusive der von Ihnen dort angegebenen Kontaktdaten zwecks Bearbeitung der Anfrage und f\u00fcr den Fall von Anschlussfragen bei uns gespeichert. Diese Daten geben wir nicht ohne Ihre Einwilligung weiter.<\/span><\/p><p><span style=\"font-size: 10pt;\">Die Verarbeitung dieser Daten erfolgt auf Grundlage von Art. 6 Abs. 1 lit. b DSGVO, sofern Ihre Anfrage mit der Erf\u00fcllung eines Vertrags zusammenh\u00e4ngt oder zur Durchf\u00fchrung vorvertraglicher Ma\u00dfnahmen erforderlich ist. In allen \u00fcbrigen F\u00e4llen beruht die Verarbeitung auf unserem berechtigten Interesse an der effektiven Bearbeitung der an uns gerichteten Anfragen (Art. 6 Abs. 1 lit. f DSGVO) oder auf Ihrer Einwilligung (Art. 6 Abs. 1 lit. a DSGVO) sofern diese abgefragt wurde; die Einwilligung ist jederzeit widerrufbar. Die von Ihnen im Kontaktformular eingegebenen Daten verbleiben bei uns, bis Sie uns zur L\u00f6schung auffordern, Ihre Einwilligung zur Speicherung widerrufen oder der Zweck f\u00fcr die Datenspeicherung entf\u00e4llt (z. B. nach abgeschlossener Bearbeitung Ihrer Anfrage). Zwingende gesetzliche Bestimmungen \u2013 insbesondere Aufbewahrungsfristen \u2013 bleiben unber\u00fchrt.<\/span><\/p><p><span style=\"font-size: 10pt;\"><strong>Anfrage per E-Mail oder Telefon<\/strong><strong><br \/><\/strong>Wenn Sie uns per E-Mail oder Telefon kontaktieren, wird Ihre Anfrage inklusive aller daraus hervorgehenden personenbezogenen Daten (Name, Anfrage) zum Zwecke der Bearbeitung Ihres Anliegens bei uns gespeichert und verarbeitet. Diese Daten geben wir nicht ohne Ihre Einwilligung weiter.<\/span><\/p><p><span style=\"font-size: 10pt;\">Die Verarbeitung dieser Daten erfolgt auf Grundlage von Art. 6 Abs. 1 lit. b DSGVO, sofern Ihre Anfrage mit der Erf\u00fcllung eines Vertrags zusammenh\u00e4ngt oder zur Durchf\u00fchrung vorvertraglicher Ma\u00dfnahmen erforderlich ist. In allen \u00fcbrigen F\u00e4llen beruht die Verarbeitung auf unserem berechtigten Interesse an der effektiven Bearbeitung der an uns gerichteten Anfragen (Art. 6 Abs. 1 lit. f DSGVO) oder auf Ihrer Einwilligung (Art. 6 Abs. 1 lit. a DSGVO) sofern diese abgefragt wurde; die Einwilligung ist jederzeit widerrufbar.<\/span><\/p><p><span style=\"font-size: 10pt;\">Die von Ihnen an uns per Kontaktanfragen \u00fcbersandten Daten verbleiben bei uns, bis Sie uns zur L\u00f6schung auffordern, Ihre Einwilligung zur Speicherung widerrufen oder der Zweck f\u00fcr die Datenspeicherung entf\u00e4llt (z. B. nach abgeschlossener Bearbeitung Ihres Anliegens). Zwingende gesetzliche Bestimmungen \u2013 insbesondere gesetzliche Aufbewahrungsfristen \u2013 bleiben unber\u00fchrt.<\/span><\/p><p><strong style=\"font-size: 10pt;\">4. Soziale Medien<br \/><\/strong><span style=\"font-size: 10pt;\"><strong>Facebook<\/strong><strong><br \/><\/strong>Auf dieser Website sind Elemente des sozialen Netzwerks Facebook integriert. Anbieter dieses Dienstes ist die Meta Platforms Ireland Limited, 4 Grand Canal Square, Dublin 2, Irland. Die erfassten Daten werden nach Aussage von Facebook jedoch auch in die USA und in andere Drittl\u00e4nder \u00fcbertragen.<\/span><\/p><p><span style=\"font-size: 10pt;\">Eine \u00dcbersicht \u00fcber die Facebook Social-Media-Elemente finden Sie hier: <a href=\"https:\/\/developers.facebook.com\/docs\/plugins\/?locale=de_DE\">https:\/\/developers.facebook.com\/docs\/plugins\/?locale=de_DE<\/a>.<\/span><\/p><p><span style=\"font-size: 10pt;\">Wenn das Social-Media-Element aktiv ist, wird eine direkte Verbindung zwischen Ihrem Endger\u00e4t und dem Facebook-Server hergestellt. Facebook erh\u00e4lt dadurch die Information, dass Sie mit Ihrer IP-Adresse diese Website besucht haben. Wenn Sie den Facebook \u201eLike-Button\u201c anklicken, w\u00e4hrend Sie in Ihrem Facebook- Account eingeloggt sind, k\u00f6nnen Sie die Inhalte dieser Website auf Ihrem Facebook-Profil verlinken.<\/span><br \/><span style=\"font-size: 10pt;\">Dadurch kann Facebook den Besuch dieser Website Ihrem Benutzerkonto zuordnen. Wir weisen darauf hin, dass wir als Anbieter der Seiten keine Kenntnis vom Inhalt der \u00fcbermittelten Daten sowie deren Nutzung durch Facebook erhalten. Weitere Informationen hierzu finden Sie in der Datenschutzerkl\u00e4rung von Facebook unter:<\/span><br \/><span style=\"font-size: 10pt;\"><a href=\"https:\/\/de-de.facebook.com\/privacy\/explanation\">https:\/\/de-de.facebook.com\/privacy\/explanation<\/a>.<\/span><\/p><p><span style=\"font-size: 10pt;\">Soweit eine Einwilligung (Consent) eingeholt wurde, erfolgt der Einsatz des o. g. Dienstes auf Grundlage von Art. 6 Abs. 1 lit. a DSGVO und \u00a7 25 TTDSG. Die Einwilligung ist jederzeit widerrufbar. Soweit keine Einwilligung eingeholt wurde, erfolgt die Verwendung des Dienstes auf Grundlage unseres berechtigten<\/span><\/p><p><span style=\"font-size: 10pt;\">Interesses an einer m\u00f6glichst umfassenden Sichtbarkeit in den Sozialen Medien.<\/span><\/p><p><span style=\"font-size: 10pt;\">Soweit mit Hilfe des hier beschriebenen Tools personenbezogene Daten auf unserer Website erfasst und an Facebook weitergeleitet werden, sind wir und die Meta Platforms Ireland Limited, 4 Grand Canal Square, Grand Canal Harbour, Dublin 2, Irland gemeinsam f\u00fcr diese Datenverarbeitung verantwortlich (Art. 26 DSGVO). Die gemeinsame Verantwortlichkeit beschr\u00e4nkt sich dabei ausschlie\u00dflich auf die Erfassung der Daten und deren Weitergabe an Facebook. Die nach der Weiterleitung erfolgende Verarbeitung durch Facebook ist nicht Teil der gemeinsamen Verantwortung. Die uns gemeinsam obliegenden Verpflichtungen wurden in einer Vereinbarung \u00fcber gemeinsame Verarbeitung festgehalten. Den Wortlaut der Vereinbarung finden Sie unter:<\/span><br \/><span style=\"font-size: 10pt;\"><a href=\"https:\/\/www.facebook.com\/legal\/controller_addendum\">https:\/\/www.facebook.com\/legal\/controller_addendum<\/a>. Laut dieser Vereinbarung sind wir f\u00fcr die Erteilung der Datenschutzinformationen beim Einsatz des Facebook-Tools und f\u00fcr die datenschutzrechtlich sichere Implementierung des Tools auf unserer Website verantwortlich. F\u00fcr die Datensicherheit der Facebook- Produkte ist Facebook verantwortlich. Betroffenenrechte (z. B. Auskunftsersuchen) hinsichtlich der bei Facebook verarbeiteten Daten k\u00f6nnen Sie direkt bei Facebook geltend machen. Wenn Sie die Betroffenenrechte bei uns geltend machen, sind wir verpflichtet, diese an Facebook weiterzuleiten.<\/span><\/p><p><span style=\"font-size: 10pt;\">Die Daten\u00fcbertragung in die USA wird auf die Standardvertragsklauseln der EU-Kommission gest\u00fctzt. Details finden Sie hier:<\/span><br \/><span style=\"font-size: 10pt;\"><a href=\"https:\/\/www.facebook.com\/legal\/EU_data_transfer_addendum\">https:\/\/www.facebook.com\/legal\/EU_data_transfer_addendum<\/a>, <a href=\"https:\/\/de-de.facebook.com\/help\/566994660333381\">https:\/\/de-de.facebook.com\/help\/566994660333381<\/a> and <a href=\"https:\/\/www.facebook.com\/policy.php\">https:\/\/www.facebook.com\/policy.php<\/a>.<\/span><\/p><p><span style=\"font-size: 10pt;\"><strong>Instagram<\/strong><strong><br \/><\/strong>Auf dieser Website sind Funktionen des Dienstes Instagram eingebunden. Diese Funktionen werden angeboten durch die Meta Platforms Ireland Limited, 4 Grand Canal Square, Grand Canal Harbour, Dublin 2, Irland.<\/span><\/p><p><span style=\"font-size: 10pt;\">Wenn das Social-Media-Element aktiv ist, wird eine direkte Verbindung zwischen Ihrem Endger\u00e4t und dem Instagram-Server hergestellt. Instagram erh\u00e4lt dadurch Informationen \u00fcber den Besuch dieser Website durch Sie.<\/span><\/p><p><span style=\"font-size: 10pt;\">Wenn Sie in Ihrem Instagram-Account eingeloggt sind, k\u00f6nnen Sie durch Anklicken des Instagram-Buttons die Inhalte dieser Website mit Ihrem Instagram-Profil verlinken. Dadurch kann Instagram den Besuch dieser Website Ihrem Benutzerkonto zuordnen. Wir weisen darauf hin, dass wir als Anbieter der Seiten keine Kenntnis vom Inhalt der \u00fcbermittelten Daten sowie deren Nutzung durch Instagram erhalten.<\/span><\/p><p><span style=\"font-size: 10pt;\">Soweit eine Einwilligung (Consent) eingeholt wurde, erfolgt der Einsatz des o. g. Dienstes auf Grundlage von Art. 6 Abs. 1 lit. a DSGVO und \u00a7 25 TTDSG. Die Einwilligung ist jederzeit widerrufbar. Soweit keine Einwilligung eingeholt wurde, erfolgt die Verwendung des Dienstes auf Grundlage unseres berechtigten Interesses an einer m\u00f6glichst umfassenden Sichtbarkeit in den Sozialen Medien.<\/span><\/p><p><span style=\"font-size: 10pt;\">Soweit mit Hilfe des hier beschriebenen Tools personenbezogene Daten auf unserer Website erfasst und an Facebook bzw. Instagram weitergeleitet werden, sind wir und die Meta Platforms Ireland Limited, 4 Grand Canal Square, Grand Canal Harbour, Dublin 2, Irland gemeinsam f\u00fcr diese Datenverarbeitung verantwortlich (Art. 26 DSGVO). Die gemeinsame Verantwortlichkeit beschr\u00e4nkt sich dabei ausschlie\u00dflich auf die Erfassung der Daten und deren Weitergabe an Facebook bzw. Instagram. Die nach der Weiterleitung erfolgende Verarbeitung durch Facebook bzw. Instagram ist nicht Teil der gemeinsamen Verantwortung.<\/span><br \/><span style=\"font-size: 10pt;\">Die uns gemeinsam obliegenden Verpflichtungen wurden in einer Vereinbarung \u00fcber gemeinsame Verarbeitung festgehalten. Den Wortlaut der Vereinbarung finden Sie unter: <a href=\"https:\/\/www.facebook.com\/legal\/controller_addendum\">https:\/\/www.facebook.com\/legal\/controller_addendum<\/a>. Laut dieser Vereinbarung sind wir f\u00fcr die Erteilung der Datenschutzinformationen beim Einsatz des Facebook- bzw. Instagram-Tools und f\u00fcr die datenschutzrechtlich sichere Implementierung des Tools auf unserer Website verantwortlich. F\u00fcr die Datensicherheit der Facebook bzw. Instagram-Produkte ist Facebook verantwortlich. Betroffenenrechte<\/span><\/p><p><span style=\"font-size: 10pt;\">(z. B. Auskunftsersuchen) hinsichtlich der bei Facebook bzw. Instagram verarbeiteten Daten k\u00f6nnen Sie direkt bei Facebook geltend machen. Wenn Sie die Betroffenenrechte bei uns geltend machen, sind wir verpflichtet, diese an Facebook weiterzuleiten.<\/span><\/p><p><span style=\"font-size: 10pt;\">Die Daten\u00fcbertragung in die USA wird auf die Standardvertragsklauseln der EU-Kommission gest\u00fctzt. Details finden Sie hier:<\/span><br \/><span style=\"font-size: 10pt;\"><a href=\"https:\/\/www.facebook.com\/legal\/EU_data_transfer_addendum\">https:\/\/www.facebook.com\/legal\/EU_data_transfer_addendum<\/a>, <a href=\"https:\/\/help.instagram.com\/519522125107875\">https:\/\/help.instagram.com\/519522125107875<\/a> and<\/span><br \/><span style=\"font-size: 10pt;\"><a href=\"https:\/\/de-de.facebook.com\/help\/566994660333381\">https:\/\/de-de.facebook.com\/help\/566994660333381<\/a>.<\/span><\/p><p><span style=\"font-size: 10pt;\">Weitere Informationen hierzu finden Sie in der Datenschutzerkl\u00e4rung von Instagram: <a href=\"https:\/\/instagram.com\/about\/legal\/privacy\/\">https:\/\/instagram.com\/about\/legal\/privacy\/<\/a>.<\/span><\/p><p><strong style=\"font-size: 10pt;\">5. Analyse-Tools und Werbung<br \/><\/strong><span style=\"font-size: 10pt;\">Beim Besuch unserer Website kann Ihr Surf-Verhalten statistisch ausgewertet werden. Das geschieht vor allem mit sogenannten Analyseprogrammen. Detaillierte Informationen zu diesen Analyseprogrammen finden Sie hier:<\/span><\/p><p><span style=\"font-size: 10pt;\"><strong>WP Statistics<\/strong><strong><br \/><\/strong>Diese Website nutzt das Analysetool WP Statistics, um Besucherzugriffe statistisch auszuwerten. Anbieter ist Veronalabs, ARENCO Tower, 27th Floor, Dubai Media City, Dubai, Dubai 23816, UAE ( <a href=\"https:\/\/veronalabs.com\">https:\/\/veronalabs.com<\/a>).<\/span><\/p><p><span style=\"font-size: 10pt;\">Mit WP Statistics k\u00f6nnen wir die Nutzung unserer Website analysieren. WP Statistics erfasst dabei u. a. Logdateien (IP-Adresse, Referrer, verwendete Browser, Herkunft des Nutzers, verwendete Suchmaschine) und Aktionen, die die Websitebesucher auf der Seite get\u00e4tigt haben (z. B. Klicks und Ansichten).<\/span><\/p><p><span style=\"font-size: 10pt;\">Die mit WP Statistics erfassten Daten werden ausschlie\u00dflich auf unserem eigenen Server gespeichert.<\/span><\/p><p><span style=\"font-size: 10pt;\">Die Nutzung dieses Analyse-Tools erfolgt auf Grundlage von Art. 6 Abs. 1 lit. f DSGVO. Wir haben ein berechtigtes Interesse an der anonymisierten Analyse des Nutzerverhaltens, um sowohl unser Webangebot als auch unsere Werbung zu optimieren. Sofern eine entsprechende Einwilligung abgefragt wurde, erfolgt die Verarbeitung ausschlie\u00dflich auf Grundlage von Art. 6 Abs. 1 lit. a DSGVO und \u00a7 25 Abs. 1 TTDSG, soweit die Einwilligung die Speicherung von Cookies oder den Zugriff auf Informationen im Endger\u00e4t des Nutzers (z. B. Device-Fingerprinting) im Sinne des TTDSG umfasst. Die Einwilligung ist jederzeit widerrufbar.<\/span><\/p><p><strong style=\"font-size: 10pt;\">6. Newsletter<br \/><\/strong><span style=\"font-size: 10pt;\">Sie haben die M\u00f6glichkeit, \u00fcber unsere Website unseren Newsletter zu abonnieren und Teil unseres Unterst\u00fctzungs-Vereins zu werden. Hierf\u00fcr ben\u00f6tigen wir Ihre E-Mail-Adresse und Ihre Erkl\u00e4rung, dass Sie mit dem Bezug des Newsletters einverstanden sind. Bei der Anmeldung zum Bezug unseres Newsletters werden die von Ihnen angegebenen Daten ausschlie\u00dflich f\u00fcr diesen Zweck verwendet. Abonnent:innen k\u00f6nnen auch \u00fcber Umst\u00e4nde per E-Mail informiert werden, die f\u00fcr den Dienst oder die Registrierung relevant sind (Beispielsweise \u00c4nderungen des Newsletterangebots oder technische Gegebenheiten). Die Daten werden ausschlie\u00dflich f\u00fcr den Newsletterversand verwendet und nicht an Dritte weitergegeben. Die Einwilligung zur Speicherung Ihrer pers\u00f6nlichen Daten und ihrer Nutzung f\u00fcr den Newsletterversand k\u00f6nnen Sie jederzeit widerrufen. In jedem Newsletter findet sich dazu ein entsprechender Link. Au\u00dferdem k\u00f6nnen Sie sich jederzeit auch direkt auf dieser Website abmelden oder uns Ihren entsprechenden Wunsch \u00fcber die am Ende dieser Datenschutzhinweise angegebene Kontaktm\u00f6glichkeit mitteilen.<\/span><\/p><p><span style=\"font-size: 10pt;\">Die von Ihnen zum Zwecke des Newsletter-Bezugs bei uns hinterlegten Daten werden von uns bis zu Ihrer Austragung aus dem Newsletter bei uns bzw. dem Newsletterdiensteanbieter gespeichert und nach der Abbestellung des Newsletters oder nach Zweckfortfall aus der Newsletterverteilerliste gel\u00f6scht. Wir behalten uns vor, E-Mail-Adressen aus unserem Newsletterverteiler nach eigenem Ermessen im Rahmen unseres berechtigten Interesses nach Art. 6 Abs. 1 lit. f DSGVO zu l\u00f6schen oder zu sperren. Daten, die zu anderen Zwecken bei uns gespeichert wurden, bleiben hiervon unber\u00fchrt.<\/span><br \/><span style=\"font-size: 10pt;\">Nach Ihrer Austragung aus der Newsletterverteilerliste wird Ihre E-Mail-Adresse bei uns bzw. dem Newsletterdiensteanbieter ggf. in einer Blacklist gespeichert, sofern dies zur Verhinderung k\u00fcnftiger Mailings erforderlich ist. Die Daten aus der Blacklist werden nur f\u00fcr diesen Zweck verwendet und nicht mit anderen Daten zusammengef\u00fchrt. Dies dient sowohl Ihrem Interesse als auch unserem Interesse an der Einhaltung der gesetzlichen Vorgaben beim Versand von Newslettern (berechtigtes Interesse im Sinne des Art. 6 Abs. 1 lit. f DSGVO). Die Speicherung in der Blacklist ist zeitlich nicht befristet. Sie k\u00f6nnen der Speicherung widersprechen, sofern Ihre Interessen unser berechtigtes Interesse \u00fcberwiegen.<\/span><\/p><p><strong style=\"font-size: 10pt;\">7. Plugins und Tools<br \/><\/strong><span style=\"font-size: 10pt;\"><strong>YouTube mit erweitertem Datenschutz<\/strong><strong><br \/><\/strong>Diese Website bindet Videos der YouTube ein. Betreiber der Seiten ist die Google Ireland Limited (\u201eGoogle\u201c), Gordon House, Barrow Street, Dublin 4, Irland.<\/span><\/p><p><span style=\"font-size: 10pt;\">Wir nutzen YouTube im erweiterten Datenschutzmodus. Dieser Modus bewirkt laut YouTube, dass YouTube keine Informationen \u00fcber die Besucher auf dieser Website speichert, bevor diese sich das Video ansehen. Die Weitergabe von Daten an YouTube-Partner wird durch den erweiterten Datenschutzmodus hingegen nicht zwingend ausgeschlossen. So stellt YouTube \u2013 unabh\u00e4ngig davon, ob Sie sich ein Video ansehen \u2013 eine Verbindung zum Google DoubleClick-Netzwerk her.<\/span><\/p><p><span style=\"font-size: 10pt;\">Sobald Sie ein YouTube-Video auf dieser Website starten, wird eine Verbindung zu den Servern von YouTube hergestellt. Dabei wird dem YouTube-Server mitgeteilt, welche unserer Seiten Sie besucht haben. Wenn Sie in Ihrem YouTube-Account eingeloggt sind, erm\u00f6glichen Sie YouTube, Ihr Surfverhalten direkt Ihrem pers\u00f6nlichen Profil zuzuordnen. Dies k\u00f6nnen Sie verhindern, indem Sie sich aus Ihrem YouTube- Account ausloggen.<\/span><\/p><p><span style=\"font-size: 10pt;\">Des Weiteren kann YouTube nach Starten eines Videos verschiedene Cookies auf Ihrem Endger\u00e4t speichern oder vergleichbare Wiedererkennungstechnologien (z. B. Device-Fingerprinting) einsetzen. Auf diese Weise kann YouTube Informationen \u00fcber Besucher dieser Website erhalten. Diese Informationen werden u. a. verwendet, um Videostatistiken zu erfassen, die Anwenderfreundlichkeit zu verbessern und Betrugsversuchen vorzubeugen.<\/span><\/p><p><span style=\"font-size: 10pt;\">Gegebenenfalls k\u00f6nnen nach dem Start eines YouTube-Videos weitere Datenverarbeitungsvorg\u00e4nge ausgel\u00f6st werden, auf die wir keinen Einfluss haben.<\/span><\/p><p><span style=\"font-size: 10pt;\">Die Nutzung von YouTube erfolgt im Interesse einer ansprechenden Darstellung unserer Online-Angebote. Dies stellt ein berechtigtes Interesse im Sinne von Art. 6 Abs. 1 lit. f DSGVO dar. Sofern eine entsprechende Einwilligung abgefragt wurde, erfolgt die Verarbeitung ausschlie\u00dflich auf Grundlage von Art. 6 Abs. 1 lit. a DSGVO und \u00a7 25 Abs. 1 TTDSG, soweit die Einwilligung die Speicherung von Cookies oder den Zugriff auf Informationen im Endger\u00e4t des Nutzers (z. B. Device-Fingerprinting) im Sinne des TTDSG umfasst. Die Einwilligung ist jederzeit widerrufbar.<\/span><\/p><p><span style=\"font-size: 10pt;\">Weitere Informationen \u00fcber Datenschutz bei YouTube finden Sie in deren Datenschutzerkl\u00e4rung unter: <a href=\"https:\/\/policies.google.com\/privacy?hl=de\">https:\/\/policies.google.com\/privacy?hl=de<\/a>.<\/span><\/p><p><span style=\"font-size: 10pt;\"><strong>Google Web Fonts<\/strong><strong><br \/><\/strong>Unsere Website nutzt zur einheitlichen Darstellung von Schriftarten so genannte Web Fonts, die von Google bereitgestellt werden. Der Dienstanbieter dieser Funktion ist: Google Ireland Limited Gordon House, Barrow Street Dublin 4. Ireland, Tel: +353 1\u00a0543. 1000Die Google Fonts sind lokal installiert. Eine Verbindung zu Servern von Google findet dabei nicht statt. Beim Aufrufen der Website l\u00e4dt Ihr Browser Schriftarten und speichert diese in den Cache. Da Sie, als Besucher der Website, Daten des Dienstanbieters empfangen kann Google unter Umst\u00e4nden Cookies auf Ihrem Rechner setzen oder analysieren.<\/span><\/p><p><span style=\"font-size: 10pt;\">Die Nutzung von \u201eGoogle-Fonts\u201c dient der Optimierung unserer Dienstleistung und der einheitlichen Darstellung von Inhalten. Dies stellt ein berechtigtes Interesse im Sinne von Art. 6 Abs. 1 lit. f DSGVO dar.<\/span><\/p><p><span style=\"font-size: 10pt;\">Weitere Informationen zu Google Web Fonts finden Sie unter <a href=\"https:\/\/developers.google.com\/fonts\/faq%20\">https:\/\/developers.google.com\/fonts\/faq<\/a> und in der Datenschutzerkl\u00e4rung von Google: <a href=\"https:\/\/policies.google.com\/privacy?hl=de\">https:\/\/policies.google.com\/privacy?hl=de<\/a>. Google verarbeitet die Daten auch in den USA, hat sich jedoch dem EU-US Privacy-Shield unterworfen: <a href=\"https:\/\/www.privacyshield.gov\/EU-US-Framework\">https:\/\/www.privacyshield.gov\/EU-US-Framework<\/a><\/span><\/p><p><span style=\"font-size: 10pt;\"><strong>Wordfence<\/strong><strong><br \/><\/strong>Wir haben Wordfence auf dieser Website eingebunden. Anbieter ist Defiant Inc., Defiant, Inc., 800 5th Ave Ste 4100, Seattle, WA 98104, USA (nachfolgend \u201eWordfence\u201c).<\/span><\/p><p><span style=\"font-size: 10pt;\">Wordfence dient dem Schutz unserer Website vor unerw\u00fcnschten Zugriffen oder b\u00f6sartigen Cyberattacken. Zu diesem Zweck stellt unsere Website eine dauerhafte Verbindung zu den Servern von Wordfence her, damit Wordfence seine Datenbanken mit den auf unserer Website get\u00e4tigten Zugriffen abgleichen und ggf. blockieren kann.<\/span><\/p><p><span style=\"font-size: 10pt;\">Die Verwendung von Wordfence erfolgt auf Grundlage von Art. 6 Abs. 1 lit. f DSGVO. Der Websitebetreiber hat ein berechtigtes Interesse an einem m\u00f6glichst effektiven Schutz seiner Website vor Cyberattacken.<\/span><br \/><span style=\"font-size: 10pt;\">Sofern eine entsprechende Einwilligung abgefragt wurde, erfolgt die Verarbeitung ausschlie\u00dflich auf Grundlage von Art. 6 Abs. 1 lit. a DSGVO und \u00a7 25 Abs. 1 TTDSG, soweit die Einwilligung die Speicherung von Cookies oder den Zugriff auf Informationen im Endger\u00e4t des Nutzers (z. B. Device-Fingerprinting) im Sinne des TTDSG umfasst. Die Einwilligung ist jederzeit widerrufbar.<\/span><\/p><p><span style=\"font-size: 10pt;\">Die Daten\u00fcbertragung in die USA wird auf die Standardvertragsklauseln der EU-Kommission gest\u00fctzt. Details finden Sie hier:<\/span><br \/><span style=\"font-size: 10pt;\"><a href=\"https:\/\/www.wordfence.com\/help\/general-data-protection-regulation\/\">https:\/\/www.wordfence.com\/help\/general-data-protection-regulation\/<\/a>.<\/span><\/p><p><span style=\"font-size: 10pt;\"><strong>SoundCloud<\/strong><strong><br \/><\/strong>Auf dieser Website k\u00f6nnen Plugins des sozialen Netzwerks SoundCloud (SoundCloud Limited, Berners House, 47-48 Berners Street, London W1T 3NF, Gro\u00dfbritannien.) integriert sein. Die SoundCloud-Plugins erkennen Sie an dem SoundCloud-Logo auf den betroffenen Seiten.<\/span><\/p><p><span style=\"font-size: 10pt;\">Wenn Sie diese Website besuchen, wird nach Aktivierung des Plugins eine direkte Verbindung zwischen Ihrem Browser und dem SoundCloud-Server hergestellt. SoundCloud erh\u00e4lt dadurch die Information, dass Sie mit Ihrer IP-Adresse diese Website besucht haben. Wenn Sie den \u201eLike-Button\u201c oder \u201eShare-Button\u201c anklicken, w\u00e4hrend Sie in Ihrem SoundCloud- Benutzerkonto eingeloggt sind, k\u00f6nnen Sie die Inhalte dieser Website mit Ihrem SoundCloud-Profil verlinken und\/oder teilen. Dadurch kann SoundCloud Ihrem Benutzerkonto den Besuch dieser Website zuordnen. Wir weisen darauf hin, dass wir als Anbieter der Seiten keine Kenntnis vom Inhalt der \u00fcbermittelten Daten sowie deren Nutzung durch SoundCloud erhalten.<\/span><\/p><p><span style=\"font-size: 10pt;\">Die Speicherung und Analyse der Daten erfolgt auf Grundlage von Art. 6 Abs. 1 lit. f DSGVO. Der Websitebetreiber hat ein berechtigtes Interesse an einer m\u00f6glichst umfangreichen Sichtbarkeit in den Sozialen Medien. Sofern eine entsprechende Einwilligung abgefragt wurde, erfolgt die Verarbeitung ausschlie\u00dflich auf Grundlage von Art. 6 Abs. 1 lit. a DSGVO und \u00a7 25 Abs. 1 TTDSG, soweit die Einwilligung die Speicherung von Cookies oder den Zugriff auf Informationen im Endger\u00e4t des Nutzers (z. B. Device- Fingerprinting) im Sinne des TTDSG umfasst. Die Einwilligung ist jederzeit widerrufbar.<\/span><\/p><p><span style=\"font-size: 10pt;\">Gro\u00dfbritannien gilt als datenschutzrechtlich sicherer Drittstaat. Das bedeutet, dass Gro\u00dfbritannien ein Datenschutzniveau aufweist, das dem Datenschutzniveau in der Europ\u00e4ischen Union entspricht.<\/span><\/p><p><span style=\"font-size: 10pt;\">Weitere Informationen hierzu finden Sie in der Datenschutzerkl\u00e4rung von SoundCloud unter: <a href=\"https:\/\/soundcloud.com\/pages\/privacy\">https:\/\/soundcloud.com\/pages\/privacy<\/a>.<\/span><\/p><p><span style=\"font-size: 10pt;\">Wenn Sie nicht w\u00fcnschen, dass SoundCloud den Besuch dieser Website Ihrem SoundCloud- Benutzerkonto zuordnet, loggen Sie sich bitte aus Ihrem SoundCloud-Benutzerkonto aus bevor Sie Inhalte des SoundCloud- Plugins aktivieren.<\/span><\/p><p><span style=\"font-size: 10pt;\"><strong>Spotify<\/strong><\/span><br \/><span style=\"font-size: 10pt;\">Auf dieser Website sind Funktionen des Musik-Dienstes Spotify eingebunden. Anbieter ist die Spotify AB, Birger Jarlsgatan 61, 113 56 Stockholm in Schweden. Die Spotify Plugins erkennen Sie an dem gr\u00fcnen Logo auf dieser Website. Eine \u00dcbersicht \u00fcber die Spotify-Plugins finden Sie unter: <a href=\"https:\/\/developer.spotify.com\">https:\/\/developer.spotify.com<\/a>.<\/span><\/p><p><span style=\"font-size: 10pt;\">Dadurch kann beim Besuch dieser Website \u00fcber das Plugin eine direkte Verbindung zwischen Ihrem Browser und dem Spotify-Server hergestellt werden. Spotify erh\u00e4lt dadurch die Information, dass Sie mit Ihrer IP-Adresse diese Website besucht haben. Wenn Sie den Spotify Button anklicken, w\u00e4hrend Sie in Ihrem Spotify-Account eingeloggt sind, k\u00f6nnen Sie die Inhalte dieser Website auf Ihrem Spotify Profil verlinken. Dadurch kann Spotify den Besuch dieser Website Ihrem Benutzerkonto zuordnen.<\/span><\/p><p><span style=\"font-size: 10pt;\">Wir weisen darauf hin, dass bei der Nutzung von Spotify Cookies von Google Analytics eingesetzt werden, sodass Ihre Nutzungsdaten bei der Nutzung von Spotify auch an Google weitergegeben werden k\u00f6nnen. Google Analytics ist ein Tool des Google-Konzerns zur Analyse des Nutzerverhaltens mit Sitz in den USA. F\u00fcr diese Einbindung ist allein Spotify verantwortlich. Wir als Websitebetreiber haben auf diese Verarbeitung keinen Einfluss.<\/span><\/p><p><span style=\"font-size: 10pt;\">Die Speicherung und Analyse der Daten erfolgt auf Grundlage von Art. 6 Abs. 1 lit. f DSGVO. Der Websitebetreiber hat ein berechtigtes Interesse an der ansprechenden akustischen Ausgestaltung seiner Website. Sofern eine entsprechende Einwilligung abgefragt wurde, erfolgt die Verarbeitung ausschlie\u00dflich auf Grundlage von Art. 6 Abs. 1 lit. a DSGVO und \u00a7 25 Abs. 1 TTDSG, soweit die Einwilligung die Speicherung von Cookies oder den Zugriff auf Informationen im Endger\u00e4t des Nutzers (z. B. Device-Fingerprinting) im Sinne des TTDSG umfasst. Die Einwilligung ist jederzeit widerrufbar.<\/span><\/p><p><span style=\"font-size: 10pt;\">Weitere Informationen hierzu finden Sie in der Datenschutzerkl\u00e4rung von Spotify: <a href=\"https:\/\/www.spotify.com\/de\/legal\/privacy-policy\/\">https:\/\/www.spotify.com\/de\/legal\/privacy-policy\/<\/a>.<\/span><\/p><p><span style=\"font-size: 10pt;\">Wenn Sie nicht w\u00fcnschen, dass Spotify den Besuch dieser Website Ihrem Spotify-Nutzerkonto zuordnen kann, loggen Sie sich bitte aus Ihrem Spotify-Benutzerkonto aus.<\/span><\/p>\t\t\t\t\t\t\t\t<\/div>\n\t\t\t\t<\/div>\n\t\t\t\t\t<\/div>\n\t\t<\/div>\n\t\t\t\t\t<\/div>\n\t\t<\/section>\n\t\t\t\t<\/div>","protected":false},"excerpt":{"rendered":"<p>AUREUM Saxophon QuartettMartina St\u00fcckler, Ferenc Tak\u00e1cs, Viola Jank, Lukas SeifriedFreischaffende K\u00fcnstler:innenWien Unterst\u00fctzungs-Verein AUREUM Saxophon QuartettJosef-Fritsch-Weg 1\/153, 1020 Wien ZVR-Zahl: 1439734788\u00a0Obfrau: Martina St\u00fccklerObfrau-Stellvertreter: Lukas SeifriedKassierin: Viola JankSchriftf\u00fchrer: Ferenc Tak\u00e1cs Statuten des Unterst\u00fctzungs-Verein AUREUM Saxophon Quartett KontaktLukas SeifriedTelefon: +43 664 88417038contact@aureumsaxophonquartett.comaureumsaxophonquartett@gmail.com HaftungsauschlussTrotz sorgf\u00e4ltiger Kontrolle \u00fcbernehmen wir keine Haftung f\u00fcr die Inhalte externer Links. F\u00fcr den Inhalt der [&hellip;]<\/p>\n","protected":false},"author":1,"featured_media":0,"parent":22,"menu_order":2,"comment_status":"closed","ping_status":"closed","template":"","meta":{"ocean_post_layout":"","ocean_both_sidebars_style":"","ocean_both_sidebars_content_width":0,"ocean_both_sidebars_sidebars_width":0,"ocean_sidebar":"0","ocean_second_sidebar":"0","ocean_disable_margins":"enable","ocean_add_body_class":"","ocean_shortcode_before_top_bar":"","ocean_shortcode_after_top_bar":"","ocean_shortcode_before_header":"","ocean_shortcode_after_header":"","ocean_has_shortcode":"","ocean_shortcode_after_title":"","ocean_shortcode_before_footer_widgets":"","ocean_shortcode_after_footer_widgets":"","ocean_shortcode_before_footer_bottom":"","ocean_shortcode_after_footer_bottom":"","ocean_display_top_bar":"default","ocean_display_header":"default","ocean_header_style":"","ocean_center_header_left_menu":"0","ocean_custom_header_template":"0","ocean_custom_logo":0,"ocean_custom_retina_logo":0,"ocean_custom_logo_max_width":0,"ocean_custom_logo_tablet_max_width":0,"ocean_custom_logo_mobile_max_width":0,"ocean_custom_logo_max_height":0,"ocean_custom_logo_tablet_max_height":0,"ocean_custom_logo_mobile_max_height":0,"ocean_header_custom_menu":"0","ocean_menu_typo_font_family":"0","ocean_menu_typo_font_subset":"","ocean_menu_typo_font_size":0,"ocean_menu_typo_font_size_tablet":0,"ocean_menu_typo_font_size_mobile":0,"ocean_menu_typo_font_size_unit":"px","ocean_menu_typo_font_weight":"","ocean_menu_typo_font_weight_tablet":"","ocean_menu_typo_font_weight_mobile":"","ocean_menu_typo_transform":"","ocean_menu_typo_transform_tablet":"","ocean_menu_typo_transform_mobile":"","ocean_menu_typo_line_height":0,"ocean_menu_typo_line_height_tablet":0,"ocean_menu_typo_line_height_mobile":0,"ocean_menu_typo_line_height_unit":"","ocean_menu_typo_spacing":0,"ocean_menu_typo_spacing_tablet":0,"ocean_menu_typo_spacing_mobile":0,"ocean_menu_typo_spacing_unit":"","ocean_menu_link_color":"","ocean_menu_link_color_hover":"","ocean_menu_link_color_active":"","ocean_menu_link_background":"","ocean_menu_link_hover_background":"","ocean_menu_link_active_background":"","ocean_menu_social_links_bg":"","ocean_menu_social_hover_links_bg":"","ocean_menu_social_links_color":"","ocean_menu_social_hover_links_color":"","ocean_disable_title":"default","ocean_disable_heading":"default","ocean_post_title":"","ocean_post_subheading":"","ocean_post_title_style":"","ocean_post_title_background_color":"","ocean_post_title_background":0,"ocean_post_title_bg_image_position":"","ocean_post_title_bg_image_attachment":"","ocean_post_title_bg_image_repeat":"","ocean_post_title_bg_image_size":"","ocean_post_title_height":0,"ocean_post_title_bg_overlay":0.5,"ocean_post_title_bg_overlay_color":"","ocean_disable_breadcrumbs":"default","ocean_breadcrumbs_color":"","ocean_breadcrumbs_separator_color":"","ocean_breadcrumbs_links_color":"","ocean_breadcrumbs_links_hover_color":"","ocean_display_footer_widgets":"default","ocean_display_footer_bottom":"default","ocean_custom_footer_template":"0","footnotes":""},"class_list":["post-515","page","type-page","status-publish","hentry","entry"],"yoast_head":"<!-- This site is optimized with the Yoast SEO plugin v27.5 - https:\/\/yoast.com\/product\/yoast-seo-wordpress\/ -->\n<title>Impressum &amp; Datenschutzerkl\u00e4rung<\/title>\n<meta name=\"robots\" content=\"noindex, follow\" \/>\n<meta property=\"og:locale\" content=\"en_GB\" \/>\n<meta property=\"og:type\" content=\"article\" \/>\n<meta property=\"og:title\" content=\"Impressum &amp; Datenschutzerkl\u00e4rung\" \/>\n<meta property=\"og:description\" content=\"AUREUM Saxophon QuartettMartina St\u00fcckler, Ferenc Tak\u00e1cs, Viola Jank, Lukas SeifriedFreischaffende K\u00fcnstler:innenWien Unterst\u00fctzungs-Verein AUREUM Saxophon QuartettJosef-Fritsch-Weg 1\/153, 1020 Wien ZVR-Zahl: 1439734788\u00a0Obfrau: Martina St\u00fccklerObfrau-Stellvertreter: Lukas SeifriedKassierin: Viola JankSchriftf\u00fchrer: Ferenc Tak\u00e1cs Statuten des Unterst\u00fctzungs-Verein AUREUM Saxophon Quartett KontaktLukas SeifriedTelefon: +43 664 88417038contact@aureumsaxophonquartett.comaureumsaxophonquartett@gmail.com HaftungsauschlussTrotz sorgf\u00e4ltiger Kontrolle \u00fcbernehmen wir keine Haftung f\u00fcr die Inhalte externer Links. F\u00fcr den Inhalt der [&hellip;]\" \/>\n<meta property=\"og:url\" content=\"https:\/\/www.aureumsaxophonquartett.com\/en\/home\/impressum\/\" \/>\n<meta property=\"og:site_name\" content=\"AUREUM Saxophon Quartett\" \/>\n<meta property=\"article:publisher\" content=\"https:\/\/www.facebook.com\/aureumsaxophonquartett\" \/>\n<meta property=\"article:modified_time\" content=\"2025-02-02T18:01:16+00:00\" \/>\n<meta name=\"twitter:card\" content=\"summary_large_image\" \/>\n<meta name=\"twitter:label1\" content=\"Estimated reading time\" \/>\n\t<meta name=\"twitter:data1\" content=\"29 minutes\" \/>\n<script type=\"application\/ld+json\" class=\"yoast-schema-graph\">{\"@context\":\"https:\\\/\\\/schema.org\",\"@graph\":[{\"@type\":\"WebPage\",\"@id\":\"https:\\\/\\\/www.aureumsaxophonquartett.com\\\/home\\\/impressum\\\/\",\"url\":\"https:\\\/\\\/www.aureumsaxophonquartett.com\\\/home\\\/impressum\\\/\",\"name\":\"Impressum & Datenschutzerkl\u00e4rung\",\"isPartOf\":{\"@id\":\"https:\\\/\\\/www.aureumsaxophonquartett.com\\\/en\\\/#website\"},\"datePublished\":\"2019-03-17T20:33:19+00:00\",\"dateModified\":\"2025-02-02T18:01:16+00:00\",\"breadcrumb\":{\"@id\":\"https:\\\/\\\/www.aureumsaxophonquartett.com\\\/home\\\/impressum\\\/#breadcrumb\"},\"inLanguage\":\"en-GB\",\"potentialAction\":[{\"@type\":\"ReadAction\",\"target\":[\"https:\\\/\\\/www.aureumsaxophonquartett.com\\\/home\\\/impressum\\\/\"]}]},{\"@type\":\"BreadcrumbList\",\"@id\":\"https:\\\/\\\/www.aureumsaxophonquartett.com\\\/home\\\/impressum\\\/#breadcrumb\",\"itemListElement\":[{\"@type\":\"ListItem\",\"position\":1,\"name\":\"Startseite\",\"item\":\"https:\\\/\\\/www.aureumsaxophonquartett.com\\\/\"},{\"@type\":\"ListItem\",\"position\":2,\"name\":\"Home\",\"item\":\"https:\\\/\\\/www.aureumsaxophonquartett.com\\\/\"},{\"@type\":\"ListItem\",\"position\":3,\"name\":\"Impressum &#038; Datenschutzerkl\u00e4rung\"}]},{\"@type\":\"WebSite\",\"@id\":\"https:\\\/\\\/www.aureumsaxophonquartett.com\\\/en\\\/#website\",\"url\":\"https:\\\/\\\/www.aureumsaxophonquartett.com\\\/en\\\/\",\"name\":\"AUREUM Saxophon Quartett\",\"description\":\"\",\"publisher\":{\"@id\":\"https:\\\/\\\/www.aureumsaxophonquartett.com\\\/en\\\/#organization\"},\"potentialAction\":[{\"@type\":\"SearchAction\",\"target\":{\"@type\":\"EntryPoint\",\"urlTemplate\":\"https:\\\/\\\/www.aureumsaxophonquartett.com\\\/en\\\/?s={search_term_string}\"},\"query-input\":{\"@type\":\"PropertyValueSpecification\",\"valueRequired\":true,\"valueName\":\"search_term_string\"}}],\"inLanguage\":\"en-GB\"},{\"@type\":\"Organization\",\"@id\":\"https:\\\/\\\/www.aureumsaxophonquartett.com\\\/en\\\/#organization\",\"name\":\"AUREUM Saxophon Quartett\",\"url\":\"https:\\\/\\\/www.aureumsaxophonquartett.com\\\/en\\\/\",\"logo\":{\"@type\":\"ImageObject\",\"inLanguage\":\"en-GB\",\"@id\":\"https:\\\/\\\/www.aureumsaxophonquartett.com\\\/en\\\/#\\\/schema\\\/logo\\\/image\\\/\",\"url\":\"https:\\\/\\\/www.aureumsaxophonquartett.com\\\/wp-content\\\/uploads\\\/2022\\\/08\\\/AUREUM-Logo_schwarz-gold-scaled.jpg\",\"contentUrl\":\"https:\\\/\\\/www.aureumsaxophonquartett.com\\\/wp-content\\\/uploads\\\/2022\\\/08\\\/AUREUM-Logo_schwarz-gold-scaled.jpg\",\"width\":2560,\"height\":1810,\"caption\":\"AUREUM Saxophon Quartett\"},\"image\":{\"@id\":\"https:\\\/\\\/www.aureumsaxophonquartett.com\\\/en\\\/#\\\/schema\\\/logo\\\/image\\\/\"},\"sameAs\":[\"https:\\\/\\\/www.facebook.com\\\/aureumsaxophonquartett\",\"https:\\\/\\\/www.instagram.com\\\/aureumsaxophone\",\"https:\\\/\\\/open.spotify.com\\\/artist\\\/4dUqNj3HhHH96Szu5lRdhg?si=fpNcUE_KSuqkTb8u-J5Ojg\"]}]}<\/script>\n<!-- \/ Yoast SEO plugin. -->","yoast_head_json":{"title":"Impressum & Datenschutzerkl\u00e4rung","robots":{"index":"noindex","follow":"follow"},"og_locale":"en_GB","og_type":"article","og_title":"Impressum & Datenschutzerkl\u00e4rung","og_description":"AUREUM Saxophon QuartettMartina St\u00fcckler, Ferenc Tak\u00e1cs, Viola Jank, Lukas SeifriedFreischaffende K\u00fcnstler:innenWien Unterst\u00fctzungs-Verein AUREUM Saxophon QuartettJosef-Fritsch-Weg 1\/153, 1020 Wien ZVR-Zahl: 1439734788\u00a0Obfrau: Martina St\u00fccklerObfrau-Stellvertreter: Lukas SeifriedKassierin: Viola JankSchriftf\u00fchrer: Ferenc Tak\u00e1cs Statuten des Unterst\u00fctzungs-Verein AUREUM Saxophon Quartett KontaktLukas SeifriedTelefon: +43 664 88417038contact@aureumsaxophonquartett.comaureumsaxophonquartett@gmail.com HaftungsauschlussTrotz sorgf\u00e4ltiger Kontrolle \u00fcbernehmen wir keine Haftung f\u00fcr die Inhalte externer Links. F\u00fcr den Inhalt der [&hellip;]","og_url":"https:\/\/www.aureumsaxophonquartett.com\/en\/home\/impressum\/","og_site_name":"AUREUM Saxophon Quartett","article_publisher":"https:\/\/www.facebook.com\/aureumsaxophonquartett","article_modified_time":"2025-02-02T18:01:16+00:00","twitter_card":"summary_large_image","twitter_misc":{"Estimated reading time":"29 minutes"},"schema":{"@context":"https:\/\/schema.org","@graph":[{"@type":"WebPage","@id":"https:\/\/www.aureumsaxophonquartett.com\/home\/impressum\/","url":"https:\/\/www.aureumsaxophonquartett.com\/home\/impressum\/","name":"Impressum & Datenschutzerkl\u00e4rung","isPartOf":{"@id":"https:\/\/www.aureumsaxophonquartett.com\/en\/#website"},"datePublished":"2019-03-17T20:33:19+00:00","dateModified":"2025-02-02T18:01:16+00:00","breadcrumb":{"@id":"https:\/\/www.aureumsaxophonquartett.com\/home\/impressum\/#breadcrumb"},"inLanguage":"en-GB","potentialAction":[{"@type":"ReadAction","target":["https:\/\/www.aureumsaxophonquartett.com\/home\/impressum\/"]}]},{"@type":"BreadcrumbList","@id":"https:\/\/www.aureumsaxophonquartett.com\/home\/impressum\/#breadcrumb","itemListElement":[{"@type":"ListItem","position":1,"name":"Startseite","item":"https:\/\/www.aureumsaxophonquartett.com\/"},{"@type":"ListItem","position":2,"name":"Home","item":"https:\/\/www.aureumsaxophonquartett.com\/"},{"@type":"ListItem","position":3,"name":"Impressum &#038; Datenschutzerkl\u00e4rung"}]},{"@type":"WebSite","@id":"https:\/\/www.aureumsaxophonquartett.com\/en\/#website","url":"https:\/\/www.aureumsaxophonquartett.com\/en\/","name":"AUREUM Saxophon Quartett","description":"","publisher":{"@id":"https:\/\/www.aureumsaxophonquartett.com\/en\/#organization"},"potentialAction":[{"@type":"SearchAction","target":{"@type":"EntryPoint","urlTemplate":"https:\/\/www.aureumsaxophonquartett.com\/en\/?s={search_term_string}"},"query-input":{"@type":"PropertyValueSpecification","valueRequired":true,"valueName":"search_term_string"}}],"inLanguage":"en-GB"},{"@type":"Organization","@id":"https:\/\/www.aureumsaxophonquartett.com\/en\/#organization","name":"AUREUM Saxophon Quartett","url":"https:\/\/www.aureumsaxophonquartett.com\/en\/","logo":{"@type":"ImageObject","inLanguage":"en-GB","@id":"https:\/\/www.aureumsaxophonquartett.com\/en\/#\/schema\/logo\/image\/","url":"https:\/\/www.aureumsaxophonquartett.com\/wp-content\/uploads\/2022\/08\/AUREUM-Logo_schwarz-gold-scaled.jpg","contentUrl":"https:\/\/www.aureumsaxophonquartett.com\/wp-content\/uploads\/2022\/08\/AUREUM-Logo_schwarz-gold-scaled.jpg","width":2560,"height":1810,"caption":"AUREUM Saxophon Quartett"},"image":{"@id":"https:\/\/www.aureumsaxophonquartett.com\/en\/#\/schema\/logo\/image\/"},"sameAs":["https:\/\/www.facebook.com\/aureumsaxophonquartett","https:\/\/www.instagram.com\/aureumsaxophone","https:\/\/open.spotify.com\/artist\/4dUqNj3HhHH96Szu5lRdhg?si=fpNcUE_KSuqkTb8u-J5Ojg"]}]}},"_links":{"self":[{"href":"https:\/\/www.aureumsaxophonquartett.com\/en\/wp-json\/wp\/v2\/pages\/515","targetHints":{"allow":["GET"]}}],"collection":[{"href":"https:\/\/www.aureumsaxophonquartett.com\/en\/wp-json\/wp\/v2\/pages"}],"about":[{"href":"https:\/\/www.aureumsaxophonquartett.com\/en\/wp-json\/wp\/v2\/types\/page"}],"author":[{"embeddable":true,"href":"https:\/\/www.aureumsaxophonquartett.com\/en\/wp-json\/wp\/v2\/users\/1"}],"replies":[{"embeddable":true,"href":"https:\/\/www.aureumsaxophonquartett.com\/en\/wp-json\/wp\/v2\/comments?post=515"}],"version-history":[{"count":0,"href":"https:\/\/www.aureumsaxophonquartett.com\/en\/wp-json\/wp\/v2\/pages\/515\/revisions"}],"up":[{"embeddable":true,"href":"https:\/\/www.aureumsaxophonquartett.com\/en\/wp-json\/wp\/v2\/pages\/22"}],"wp:attachment":[{"href":"https:\/\/www.aureumsaxophonquartett.com\/en\/wp-json\/wp\/v2\/media?parent=515"}],"curies":[{"name":"wp","href":"https:\/\/api.w.org\/{rel}","templated":true}]}}